{"id":306,"date":"2020-12-06T13:31:47","date_gmt":"2020-12-06T12:31:47","guid":{"rendered":"podlove-2020-10-03t14:09:25+00:00-cbb80855af3768a"},"modified":"2023-03-12T12:48:17","modified_gmt":"2023-03-12T11:48:17","slug":"kb022","status":"publish","type":"podcast","link":"https:\/\/kiezbiografien.de\/archiv\/kb022\/","title":{"rendered":"KB022: Jara f\u00e4llt aus allen Wolken"},"content":{"rendered":"\n\t\t\n            <div class=\"podlove-web-player intrinsic-ignore podlove-web-player-loading\" id=\"player-69f5d49a62d46\"><root data-test=\"player--xl\" style=\"max-width:950px;min-width:260px;\">\n  <div class=\"tablet:px-6 tablet:pt-6 mobile:px-4 mobile:pt-4 flex flex-col\">\n    <div class=\"flex-col items-center mobile:flex tablet:hidden\">\n      <show-title class=\"text-sm\"><\/show-title>\n      <episode-title class=\"text-base mb-2\"><\/episode-title>\n      <subscribe-button class=\"mb-4 mobile:flex tablet:hidden\"><\/subscribe-button>\n      <poster class=\"rounded-sm w-48 shadow overflow-hidden\"><\/poster>\n      <divider class=\"w-full my-6\"><\/divider>\n    <\/div>\n\n    <div class=\"tablet:flex flex-grow\">\n      <div class=\"w-64 mobile:hidden tablet:block tablet:mr-6\">\n        <poster class=\"rounded-sm shadow overflow-hidden\"><\/poster>\n      <\/div>\n      <div class=\"w-full\">\n        <div class=\"hidden tablet:block\">\n          <show-title class=\"text-base\"><\/show-title>\n          <episode-title class=\"text-xl desktop:text-2xl\"><\/episode-title>\n          <divider class=\"w-full my-4\"><\/divider>\n        <\/div>\n        <div class=\"flex items-center justify-between\">\n          <div class=\"block\">\n            <play-state on=\"active\">\n              <speed-control class=\"flex items-center\"><\/speed-control>\n            <\/play-state>\n          <\/div>\n\n          <div class=\"flex\">\n            <play-state on=\"active\">\n              <chapter-previous class=\"mx-2 block\"><\/chapter-previous>\n            <\/play-state>\n            <play-state on=\"active\">\n              <step-backward class=\"mx-2 block\"><\/step-backward>\n            <\/play-state>\n\n            <play-button class=\"mx-2 block\" :label=\"$t('PLAYER.PLAY_EPISODE')\"><\/play-button>\n\n            <play-state on=\"active\">\n              <step-forward class=\"mx-2 block\"><\/step-forward>\n            <\/play-state>\n            <play-state on=\"active\">\n              <chapter-next class=\"mx-2 block\"><\/chapter-next>\n            <\/play-state>\n          <\/div>\n\n          <div class=\"block\">\n            <play-state on=\"active\">\n              <volume-control class=\"flex items-center\"><\/volume-control>\n            <\/play-state>\n          <\/div>\n        <\/div>\n        <div class=\"flex w-full\">\n          <progress-bar><\/progress-bar>\n        <\/div>\n        <div class=\"flex w-full -mt-2\">\n          <div class=\"w-3\/12 text-left\">\n            <timer-current class=\"text-sm\"><\/timer-current>\n          <\/div>\n          <div class=\"w-6\/12 text-center truncate\">\n            <play-state on=\"active\">\n              <current-chapter class=\"text-sm\"><\/current-chapter>\n            <\/play-state>\n          <\/div>\n          <div class=\"w-3\/12 text-right\">\n            <timer-duration class=\"text-sm\"><\/timer-duration>\n          <\/div>\n        <\/div>\n      <\/div>\n    <\/div>\n    <divider class=\"w-full mt-6 mb-3\"><\/divider>\n    <div class=\"flex justify-between\">\n      <div class=\"flex mobile:w-full tablet:w-3\/12 desktop:w-3\/12 justify-between\">\n        <tab-trigger tab=\"chapters\">\n          <icon type=\"chapter\"><\/icon>\n        <\/tab-trigger>\n        <tab-trigger tab=\"transcripts\">\n          <icon type=\"transcripts\"><\/icon>\n        <\/tab-trigger>\n        <tab-trigger tab=\"files\">\n          <icon type=\"download\"><\/icon>\n        <\/tab-trigger>\n        <tab-trigger tab=\"playlist\">\n          <icon type=\"playlist\"><\/icon>\n        <\/tab-trigger>\n        <tab-trigger tab=\"share\">\n          <icon type=\"share\"><\/icon>\n        <\/tab-trigger>\n      <\/div>\n      <subscribe-button class=\"mt-1 mobile:hidden tablet:flex\"><\/subscribe-button>\n    <\/div>\n  <\/div>\n  <div class=\"w-full relative overflow-hidden\">\n    <tab name=\"chapters\">\n      <tab-chapters><\/tab-chapters>\n    <\/tab>\n    <tab name=\"transcripts\">\n      <tab-transcripts><\/tab-transcripts>\n    <\/tab>\n    <tab name=\"files\">\n      <tab-files><\/tab-files>\n    <\/tab>\n    <tab name=\"playlist\">\n      <tab-playlist><\/tab-playlist>\n    <\/tab>\n    <tab name=\"share\">\n      <tab-share><\/tab-share>\n    <\/tab>\n    <tab-overflow><\/tab-overflow>\n  <\/div>\n  <error><\/error>\n<\/root>\n<\/div>\n            <script>\n              document.addEventListener(\"DOMContentLoaded\", function() {\n                var player = document.getElementById(\"player-69f5d49a62d46\");\n                podlovePlayerCache.add([{\"url\":\"https:\\\/\\\/kiezbiografien.de\\\/archiv\\\/wp-json\\\/podlove-web-player\\\/shortcode\\\/publisher\\\/306\",\"data\":{\"version\":5,\"show\":{\"title\":\"Kiezbiografien\",\"subtitle\":\"... irgendwo zwischen Podcast, Biografiearbeit und Oral History\",\"summary\":\"Die \\u201eKiezbiografien\\u201c: Ein Projekt, dass ich 2011 als Podcast gestartet habe.\\r\\n\\r\\nDie Idee dahinter ist von Anfang an gewesen, Menschen aus meinem pers\\u00f6nlichen Umfeld zu interviewen. Menschen, die etwas machen oder sich mit etwas besch\\u00e4ftigen, was ich interessant oder spannend finde.\\r\\n\\r\\nDas k\\u00f6nnen Freunde sein, Arbeitskollegen oder auch Menschen, die ein eigenes Gesch\\u00e4ft in meinem Kiez betreiben.\\r\\n\\r\\nDie Kiezbiografien sind also irgendwo zwischen Podcast, Biografiearbeit und \\u201eOral History\\u201c einzuordnen.\\r\\n\\r\\nWer nach dem H\\u00f6ren einer Folge der \\u201eKiezbiografien\\u201c die Projekte googeln m\\u00f6chte, der k\\u00f6nnte Pech haben. Denn einige der Projekte oder auch der L\\u00e4den, die meine Gespr\\u00e4chspartner gemacht haben, wurden mittlerweile schon wieder aufgegeben oder haben sich aufgel\\u00f6st. Die Kiezbiografien sind somit eine Art \\u201ehistorisches Blitzlicht\\u201c.\\r\\n\\r\\nAber auch wenn meine Interviewpartner mittlerweile das, wor\\u00fcber wir uns in diesen Gespr\\u00e4chen ausgetauscht haben, vielleicht nicht mehr machen, so ist es doch immer sch\\u00f6n zu sehen, wenn Menschen sich mit Begeisterung Dingen widmen, Ideen haben und diese Ideen mit Herzblut in ein Projekt oder gar in ein Lebensziel gie\\u00dfen.\\r\\n\\r\\nIch denke, solche Sachen \\u00e4ndern sich nie. Und genau das macht die Geschichten und ihre pers\\u00f6nlichen Erz\\u00e4hlungen \\u2013 zeitlos.\\r\\n\\r\\nVer\\u00f6ffentlicht unter Creative Commons\\r\\nAttribution-Noncommercial-No Derivative Works 3.0 Germany\",\"poster\":\"https:\\\/\\\/kiezbiografien.de\\\/archiv\\\/podlove\\\/image\\\/68747470733a2f2f6b69657a62696f6772616669656e2e64652f6172636869762f77702d636f6e74656e742f75706c6f6164732f323032302f30372f4b69657a62696f6772616669656e5f3330303078333030302d7363616c65642e6a7067\\\/500\\\/0\\\/0\\\/kiezbiografien\",\"link\":\"https:\\\/\\\/kiezbiografien.de\\\/archiv\"},\"title\":\"KB022: Jara f\\u00e4llt aus allen Wolken\",\"subtitle\":\"von L. Bonneberg - https:\\\/\\\/kiezbiografien.de\",\"summary\":\"Jara ist Flugbegleiterin und muss w\\u00e4hrend der Coronapandemie am Boden bleiben. Ihre beruflichen Perspektiven sind ungewiss, wie so vieles in dieser Zeit. So haben wir die freie Zeit genutzt, uns mit einem Kaffee in den Hof gesetzt und Jara hat mir ein wenig \\u00fcber die Flugbegleitung im Allgemeinen und \\u00fcber ihre berufliche Situation erz\\u00e4hlt.\\r\\n\\r\\nWundert euch nicht, wenn ihr startende und landende Flugzeuge im Hintergrund h\\u00f6rt. Das Gespr\\u00e4ch wurde kurz vor der endg\\u00fcltigen Schlie\\u00dfung des Flughafens Berlin-Tegel im Oktober 2020 aufgezeichnet.\",\"publicationDate\":\"2020-12-06T13:31:47+01:00\",\"duration\":\"00:53:08.592\",\"poster\":\"https:\\\/\\\/kiezbiografien.de\\\/archiv\\\/podlove\\\/image\\\/68747470733a2f2f6b69657a62696f6772616669656e2e64652f6172636869762f77702d636f6e74656e742f75706c6f6164732f323032302f30372f4b69657a62696f6772616669656e5f3330303078333030302d7363616c65642e6a7067\\\/500\\\/0\\\/0\\\/kiezbiografien\",\"link\":\"https:\\\/\\\/kiezbiografien.de\\\/archiv\\\/kb022\\\/\",\"chapters\":[{\"start\":\"00:00:00.000\",\"title\":\"Intro\",\"href\":\"\",\"image\":\"\"},{\"start\":\"00:00:29.616\",\"title\":\"Begr\\u00fc\\u00dfung\",\"href\":\"\",\"image\":\"\"},{\"start\":\"00:01:02.047\",\"title\":\"Flugbegleiter*innen im Lockdown\",\"href\":\"\",\"image\":\"\"},{\"start\":\"00:03:50.003\",\"title\":\"Teamarbeit in die Wolken\",\"href\":\"\",\"image\":\"\"},{\"start\":\"00:12:20.631\",\"title\":\"Was macht man als Flugbegleitung am Zielort?\",\"href\":\"\",\"image\":\"\"},{\"start\":\"00:18:48.572\",\"title\":\"Gender und Hierarchien in Flugberufen\",\"href\":\"\",\"image\":\"\"},{\"start\":\"00:28:45.037\",\"title\":\"Flug\\u00e4ngste\",\"href\":\"\",\"image\":\"\"},{\"start\":\"00:38:08.258\",\"title\":\"Coronakrise und Perspektiven\",\"href\":\"\",\"image\":\"\"},{\"start\":\"00:51:08.783\",\"title\":\"Verabschiedung\",\"href\":\"\",\"image\":\"\"},{\"start\":\"00:52:41.743\",\"title\":\"Outro\",\"href\":\"\",\"image\":\"\"}],\"audio\":[{\"url\":\"https:\\\/\\\/kiezbiografien.de\\\/archiv\\\/podlove\\\/file\\\/49\\\/s\\\/webplayer\\\/c\\\/website\\\/KB022.mp3\",\"size\":\"45173059\",\"title\":\"MP3 Audio (mp3)\",\"mimeType\":\"audio\\\/mpeg\"}],\"files\":[{\"url\":\"https:\\\/\\\/kiezbiografien.de\\\/archiv\\\/podlove\\\/file\\\/49\\\/s\\\/webplayer\\\/KB022.mp3\",\"size\":\"45173059\",\"title\":\"MP3 Audio\",\"mimeType\":\"audio\\\/mpeg\"},{\"url\":\"https:\\\/\\\/kiezbiografien.de\\\/archiv\\\/podlove\\\/file\\\/48\\\/s\\\/webplayer\\\/KB022.chapters.txt\",\"size\":\"350\",\"title\":\"mp4chaps Chapter File\",\"mimeType\":\"text\\\/plain\"}]}}, {\"url\":\"https:\\\/\\\/kiezbiografien.de\\\/archiv\\\/wp-json\\\/podlove-web-player\\\/shortcode\\\/config\\\/default\\\/theme\\\/default\",\"data\":{\"activeTab\":\"chapters\",\"subscribe-button\":null,\"share\":{\"channels\":[\"facebook\",\"twitter\",\"pinterest\",\"whats-app\",\"linkedin\",\"xing\",\"link\"],\"outlet\":\"https:\\\/\\\/cdn.podlove.org\\\/web-player\\\/5.x\\\/share.html\",\"sharePlaytime\":true},\"related-episodes\":{\"source\":\"podcast\",\"value\":null},\"version\":5,\"playlist\":\"https:\\\/\\\/kiezbiografien.de\\\/archiv\\\/wp-json\\\/podlove-web-player\\\/shortcode\\\/podcast\",\"theme\":{\"tokens\":{\"brand\":\"#BC5E00\",\"brandDark\":\"#616A6F\",\"brandDarkest\":\"#BC5E00\",\"brandLightest\":\"#E9F1F5\",\"shadeDark\":\"#807E7C\",\"shadeBase\":\"#807E7C\",\"contrast\":\"#000\",\"alt\":\"#fff\"},\"fonts\":{\"ci\":{\"name\":\"ci\",\"family\":[\"-apple-system\",\"BlinkMacSystemFont\",\"Segoe UI\",\"Roboto\",\"Helvetica\",\"Arial\",\"sans-serif\",\"Apple Color Emoji\",\"Segoe UI Emoji\\\", \\\"Segoe UI Symbol\"],\"src\":[],\"weight\":800},\"regular\":{\"name\":\"regular\",\"family\":[\"-apple-system\",\"BlinkMacSystemFont\",\"Segoe UI\",\"Roboto\",\"Helvetica\",\"Arial\",\"sans-serif\",\"Apple Color Emoji\",\"Segoe UI Emoji\\\", \\\"Segoe UI Symbol\"],\"src\":[],\"weight\":300},\"bold\":{\"name\":\"bold\",\"family\":[\"-apple-system\",\"BlinkMacSystemFont\",\"Segoe UI\",\"Roboto\",\"Helvetica\",\"Arial\",\"sans-serif\",\"Apple Color Emoji\",\"Segoe UI Emoji\\\", \\\"Segoe UI Symbol\"],\"src\":[],\"weight\":700}}},\"base\":\"https:\\\/\\\/cdn.podlove.org\\\/web-player\\\/5.x\\\/\"}}]);\n                podlovePlayer(player, \"https:\/\/kiezbiografien.de\/archiv\/wp-json\/podlove-web-player\/shortcode\/publisher\/306\", \"https:\/\/kiezbiografien.de\/archiv\/wp-json\/podlove-web-player\/shortcode\/config\/default\/theme\/default\").then(function() {\n                  player && player.classList.remove(\"podlove-web-player-loading\");\n                });\n              });\n            <\/script>\n            <style>\n              .podlove-web-player.podlove-web-player-loading {\n                opacity: 0;\n              }\n            <\/style>\n        \n\t\n\t\t\n\n<p>Jara ist Flugbegleiterin und muss w\u00e4hrend der Corona-Pandemie am Boden bleiben. Ihre beruflichen Perspektiven sind ungewiss, wie so vieles in dieser Zeit. So haben wir die freie Zeit genutzt, uns mit einem Kaffee in den Hof gesetzt und Jara hat mir ein wenig \u00fcber die Flugbegleitung im Allgemeinen und \u00fcber ihre berufliche Situation erz\u00e4hlt. Wundert euch nicht, wenn ihr startende und landende Flugzeuge im Hintergrund h\u00f6rt.<\/p>\n\n\n\n<p>Das Gespr\u00e4ch wurde kurz vor der endg\u00fcltigen Schlie\u00dfung des Flughafens Berlin-Tegel im Oktober 2020 aufgezeichnet.<\/p>\n\n\n\n<p>Ver\u00f6ffentlicht unter Creative Commons<br><a rel=\"noreferrer noopener\" href=\"https:\/\/creativecommons.org\/licenses\/by-nc-nd\/4.0\/deed.de\" target=\"_blank\">Attribution-Noncommercial-No Derivative Works 4.0<\/a><br><br>\n<script>window.podcastDatac2b3c9b0f53d9e = {\"title\":\"Kiezbiografien\",\"subtitle\":\"... irgendwo zwischen Podcast, Biografiearbeit und Oral History\",\"description\":\"Die \\u201eKiezbiografien\\u201c: Ein Projekt, dass ich 2011 als Podcast gestartet habe.\\r\\n\\r\\nDie Idee dahinter ist von Anfang an gewesen, Menschen aus meinem pers\\u00f6nlichen Umfeld zu interviewen. Menschen, die etwas machen oder sich mit etwas besch\\u00e4ftigen, was ich interessant oder spannend finde.\\r\\n\\r\\nDas k\\u00f6nnen Freunde sein, Arbeitskollegen oder auch Menschen, die ein eigenes Gesch\\u00e4ft in meinem Kiez betreiben.\\r\\n\\r\\nDie Kiezbiografien sind also irgendwo zwischen Podcast, Biografiearbeit und \\u201eOral History\\u201c einzuordnen.\\r\\n\\r\\nWer nach dem H\\u00f6ren einer Folge der \\u201eKiezbiografien\\u201c die Projekte googeln m\\u00f6chte, der k\\u00f6nnte Pech haben. Denn einige der Projekte oder auch der L\\u00e4den, die meine Gespr\\u00e4chspartner gemacht haben, wurden mittlerweile schon wieder aufgegeben oder haben sich aufgel\\u00f6st. Die Kiezbiografien sind somit eine Art \\u201ehistorisches Blitzlicht\\u201c.\\r\\n\\r\\nAber auch wenn meine Interviewpartner mittlerweile das, wor\\u00fcber wir uns in diesen Gespr\\u00e4chen ausgetauscht haben, vielleicht nicht mehr machen, so ist es doch immer sch\\u00f6n zu sehen, wenn Menschen sich mit Begeisterung Dingen widmen, Ideen haben und diese Ideen mit Herzblut in ein Projekt oder gar in ein Lebensziel gie\\u00dfen.\\r\\n\\r\\nIch denke, solche Sachen \\u00e4ndern sich nie. Und genau das macht die Geschichten und ihre pers\\u00f6nlichen Erz\\u00e4hlungen \\u2013 zeitlos.\\r\\n\\r\\nVer\\u00f6ffentlicht unter Creative Commons\\r\\nAttribution-Noncommercial-No Derivative Works 3.0 Germany\",\"cover\":\"https:\\\/\\\/kiezbiografien.de\\\/archiv\\\/podlove\\\/image\\\/68747470733a2f2f6b69657a62696f6772616669656e2e64652f6172636869762f77702d636f6e74656e742f75706c6f6164732f323032302f30372f4b69657a62696f6772616669656e5f3330303078333030302d7363616c65642e6a7067\\\/400\\\/0\\\/0\\\/kiezbiografien\",\"feeds\":[{\"type\":\"audio\",\"format\":\"mp3\",\"url\":\"https:\\\/\\\/kiezbiografien.de\\\/archiv\\\/feed\\\/mp3\\\/\",\"variant\":\"high\"}]};<\/script>\n<script class=\"podlove-subscribe-button\" src=\"https:\/\/kiezbiografien.de\/archiv\/wp-content\/plugins\/podlove-podcasting-plugin-for-wordpress\/lib\/modules\/subscribe_button\/dist\/javascripts\/app.js\" data-json-data=\"podcastDatac2b3c9b0f53d9e\" data-language=\"de\" data-size=\"big\" data-format=\"rectangle\" data-style=\"outline\" data-color=\"d16800\"> <\/script>\n<\/p>\n","protected":false},"author":1,"featured_media":0,"comment_status":"closed","ping_status":"open","template":"","meta":{"footnotes":""},"tags":[80,81,44,47],"class_list":["post-306","podcast","type-podcast","status-publish","hentry","tag-corona","tag-flugbegleitung","tag-gelderwerb","tag-lebenswuensche","post"],"_links":{"self":[{"href":"https:\/\/kiezbiografien.de\/archiv\/wp-json\/wp\/v2\/episodes\/306","targetHints":{"allow":["GET"]}}],"collection":[{"href":"https:\/\/kiezbiografien.de\/archiv\/wp-json\/wp\/v2\/episodes"}],"about":[{"href":"https:\/\/kiezbiografien.de\/archiv\/wp-json\/wp\/v2\/types\/podcast"}],"author":[{"embeddable":true,"href":"https:\/\/kiezbiografien.de\/archiv\/wp-json\/wp\/v2\/users\/1"}],"replies":[{"embeddable":true,"href":"https:\/\/kiezbiografien.de\/archiv\/wp-json\/wp\/v2\/comments?post=306"}],"version-history":[{"count":12,"href":"https:\/\/kiezbiografien.de\/archiv\/wp-json\/wp\/v2\/episodes\/306\/revisions"}],"predecessor-version":[{"id":447,"href":"https:\/\/kiezbiografien.de\/archiv\/wp-json\/wp\/v2\/episodes\/306\/revisions\/447"}],"wp:attachment":[{"href":"https:\/\/kiezbiografien.de\/archiv\/wp-json\/wp\/v2\/media?parent=306"}],"wp:term":[{"taxonomy":"post_tag","embeddable":true,"href":"https:\/\/kiezbiografien.de\/archiv\/wp-json\/wp\/v2\/tags?post=306"}],"curies":[{"name":"wp","href":"https:\/\/api.w.org\/{rel}","templated":true}]}}